{"id":2135,"date":"2022-07-10T18:16:34","date_gmt":"2022-07-10T18:16:34","guid":{"rendered":"https:\/\/dantzaz.eus\/equipo\/"},"modified":"2025-11-06T08:43:24","modified_gmt":"2025-11-06T08:43:24","slug":"equipe","status":"publish","type":"page","link":"https:\/\/dantzaz.eus\/fr\/equipe\/","title":{"rendered":"\u00c9quipe"},"content":{"rendered":"<p>[et_pb_section fb_built=\u00a0\u00bb1&Prime; admin_label=\u00a0\u00bbsection\u00a0\u00bb module_id=\u00a0\u00bbintro-titular\u00a0\u00bb _builder_version=\u00a0\u00bb4.17.4&Prime; background_image=\u00a0\u00bbhttps:\/\/dantzaz.eus\/wp-content\/uploads\/2022\/07\/comunidad.jpg\u00a0\u00bb collapsed=\u00a0\u00bboff\u00a0\u00bb global_colors_info=\u00a0\u00bb{}\u00a0\u00bb][et_pb_row admin_label=\u00a0\u00bbrow\u00a0\u00bb module_class=\u00a0\u00bbancho2&Prime; _builder_version=\u00a0\u00bb4.17.4&Prime; background_size=\u00a0\u00bbinitial\u00a0\u00bb background_position=\u00a0\u00bbtop_left\u00a0\u00bb background_repeat=\u00a0\u00bbrepeat\u00a0\u00bb global_colors_info=\u00a0\u00bb{}\u00a0\u00bb][et_pb_column type=\u00a0\u00bb4_4&Prime; _builder_version=\u00a0\u00bb4.16&Prime; custom_padding=\u00a0\u00bb|||\u00a0\u00bb global_colors_info=\u00a0\u00bb{}\u00a0\u00bb custom_padding__hover=\u00a0\u00bb|||\u00a0\u00bb][et_pb_text _builder_version=\u00a0\u00bb4.17.4&Prime; _module_preset=\u00a0\u00bbdefault\u00a0\u00bb text_text_color=\u00a0\u00bb#FFFFFF\u00a0\u00bb global_colors_info=\u00a0\u00bb{}\u00a0\u00bb]<\/p>\n<p style=\"text-align: center;\"><strong>Qui sommes-nous Dantzaz ?<\/strong><\/p>\n<p>[\/et_pb_text][\/et_pb_column][\/et_pb_row][\/et_pb_section][et_pb_section fb_built=\u00a0\u00bb1&Prime; module_class=\u00a0\u00bbancho2  zleft\u00a0\u00bb _builder_version=\u00a0\u00bb4.17.4&Prime; _module_preset=\u00a0\u00bbdefault\u00a0\u00bb background_color=\u00a0\u00bb#ededed\u00a0\u00bb custom_padding=\u00a0\u00bb0px||0px||false|false\u00a0\u00bb collapsed=\u00a0\u00bboff\u00a0\u00bb global_colors_info=\u00a0\u00bb{}\u00a0\u00bb][et_pb_row module_class=\u00a0\u00bbancho2&Prime; _builder_version=\u00a0\u00bb4.17.4&Prime; _module_preset=\u00a0\u00bbdefault\u00a0\u00bb custom_padding=\u00a0\u00bb||0px||false|false\u00a0\u00bb collapsed=\u00a0\u00bboff\u00a0\u00bb global_colors_info=\u00a0\u00bb{}\u00a0\u00bb][et_pb_column type=\u00a0\u00bb4_4&Prime; _builder_version=\u00a0\u00bb4.17.4&Prime; _module_preset=\u00a0\u00bbdefault\u00a0\u00bb global_colors_info=\u00a0\u00bb{}\u00a0\u00bb][et_pb_text module_class=\u00a0\u00bbfucsia titular-linea\u00a0\u00bb _builder_version=\u00a0\u00bb4.17.4&Prime; _module_preset=\u00a0\u00bbdefault\u00a0\u00bb global_colors_info=\u00a0\u00bb{}\u00a0\u00bb]<\/p>\n<h2>Staff<\/h2>\n<p>[\/et_pb_text][et_pb_code _builder_version=\u00a0\u00bb4.17.4&Prime; _module_preset=\u00a0\u00bbdefault\u00a0\u00bb global_colors_info=\u00a0\u00bb{}\u00a0\u00bb]<script><!-- [et_pb_line_break_holder] -->jQuery(document).ready(function(){ <!-- [et_pb_line_break_holder] -->  <!-- [et_pb_line_break_holder] -->  \t$(\"a.leermas\").text(\"Lire plus...\");<!-- [et_pb_line_break_holder] -->    <!-- [et_pb_line_break_holder] -->\t\/\/ al clicar el enlace .leermas<!-- [et_pb_line_break_holder] -->\t$(\"a.leermas\").click(function(){<!-- [et_pb_line_break_holder] -->\t\t   <!-- [et_pb_line_break_holder] -->\t\t$(this).parent().next(\".mastexto\").slideToggle();<!-- [et_pb_line_break_holder] -->\t\t<!-- [et_pb_line_break_holder] -->\t\tvar textoEnlace = $(this).text();<!-- [et_pb_line_break_holder] -->\t\t<!-- [et_pb_line_break_holder] -->\t\tif(textoEnlace==\"Lire moins...\") {<!-- [et_pb_line_break_holder] -->\t\t\t$(this).text(\"Lire plus...\");<!-- [et_pb_line_break_holder] -->\t\t}else{<!-- [et_pb_line_break_holder] -->\t\t\t$(this).text(\"Lire moins...\");<!-- [et_pb_line_break_holder] -->\t\t}<!-- [et_pb_line_break_holder] --><!-- [et_pb_line_break_holder] -->\t});<!-- [et_pb_line_break_holder] -->\t<!-- [et_pb_line_break_holder] -->});  <!-- [et_pb_line_break_holder] --><!-- [et_pb_line_break_holder] --><\/script>[\/et_pb_code][\/et_pb_column][\/et_pb_row][et_pb_row column_structure=\u00a0\u00bb1_2,1_2&Prime; use_custom_gutter=\u00a0\u00bbon\u00a0\u00bb gutter_width=\u00a0\u00bb4&Prime; module_class=\u00a0\u00bbequipo\u00a0\u00bb _builder_version=\u00a0\u00bb4.17.4&Prime; _module_preset=\u00a0\u00bbdefault\u00a0\u00bb collapsed=\u00a0\u00bboff\u00a0\u00bb global_colors_info=\u00a0\u00bb{}\u00a0\u00bb][et_pb_column type=\u00a0\u00bb1_2&Prime; _builder_version=\u00a0\u00bb4.17.4&Prime; _module_preset=\u00a0\u00bbdefault\u00a0\u00bb global_colors_info=\u00a0\u00bb{}\u00a0\u00bb][et_pb_image src=\u00a0\u00bbhttps:\/\/dantzaz.eus\/wp-content\/uploads\/2022\/07\/Dantzaz-fotos-corporativas_BW-3.jpg\u00a0\u00bb title_text=\u00a0\u00bbDantzaz fotos corporativas_BW-3&Prime; _builder_version=\u00a0\u00bb4.21.0&Prime; _module_preset=\u00a0\u00bbdefault\u00a0\u00bb global_colors_info=\u00a0\u00bb{}\u00a0\u00bb][\/et_pb_image][et_pb_text module_class=\u00a0\u00bbequipo\u00a0\u00bb _builder_version=\u00a0\u00bb4.17.4&Prime; _module_preset=\u00a0\u00bbdefault\u00a0\u00bb global_colors_info=\u00a0\u00bb{}\u00a0\u00bb]<\/p>\n<h3>Adriana Pous<\/h3>\n<p><em>Codirectrice, directrice artistique, ma\u00eetre de ballet et responsable de l&rsquo;accompagnement artistique<\/em><\/p>\n<p>Son exp\u00e9rience de danseuse s&rsquo;est forg\u00e9e en Europe et en Am\u00e9rique du Sud en partageant la sc\u00e8ne avec des artistes de la projection de Noureev, Makarova ou Bujones, entre autres. Il dirige le projet Dantzaz depuis 2002, donnant \u00e0 de jeunes danseurs europ\u00e9ens l&rsquo;opportunit\u00e9 d&rsquo;acqu\u00e9rir une exp\u00e9rience sc\u00e9nique \u00e0 travers des cr\u00e9ations, des productions et des tourn\u00e9es. <a class=\"leermas\">Leer m\u00e1s&#8230;<\/a><\/p>\n<p class=\"mastexto\">Elle enseigne des cours et des ateliers dans la compagnie et a \u00e9t\u00e9 invit\u00e9e \u00e0 participer en tant que jury \u00e0 des \u00e9v\u00e9nements de danse nationaux et internationaux. En tant que directrice artistique de la compagnie, elle a accompagn\u00e9 60 productions pendant deux d\u00e9cennies et est responsable de la s\u00e9lection des chor\u00e9graphes invit\u00e9s \u00e0 cr\u00e9er pour Dantzaz et de la coordination de ces processus d&rsquo;accueil et de r\u00e9sidence avec des institutions du monde entier telles que Korzo (Hollande), Dance Base (Grande-Bretagne), Danish Dance Theatre (Danemark), Conseil des Arts et des Lettres du Qu\u00e9bec (Canada) ou Plesni Teater Ljubljana (Slov\u00e9nie).<\/p>\n<p>[\/et_pb_text][\/et_pb_column][et_pb_column _builder_version=\u00a0\u00bb4.27.4&Prime; _module_preset=\u00a0\u00bbdefault\u00a0\u00bb type=\u00a0\u00bb1_2&Prime;][et_pb_image src=\u00a0\u00bbhttps:\/\/dantzaz.eus\/wp-content\/uploads\/2022\/07\/Dantzaz-fotos-corporativas_BW-2.jpg\u00a0\u00bb title_text=\u00a0\u00bbDantzaz fotos corporativas_BW-2&Prime; _builder_version=\u00a0\u00bb4.21.0&Prime; _module_preset=\u00a0\u00bbdefault\u00a0\u00bb global_colors_info=\u00a0\u00bb{}\u00a0\u00bb][\/et_pb_image][et_pb_text module_class=\u00a0\u00bbequipo\u00a0\u00bb _builder_version=\u00a0\u00bb4.17.4&Prime; _module_preset=\u00a0\u00bbdefault\u00a0\u00bb global_colors_info=\u00a0\u00bb{}\u00a0\u00bb]<\/p>\n<h3>Bertha Berm\u00fadez<\/h3>\n<p><em>Codirectrice, responsable du d\u00e9veloppement et de la documentation du projet<\/em><\/p>\n<p>Apr\u00e8s une carri\u00e8re de danseur avec des chor\u00e9graphes du prestige de Maurice B\u00e9jart, William Forsythe, Nacho Duato, Rui Horta, Paul Solvin Norton, Gregory Colbert et Emio Greco| Pieter C. Scholten, Berm\u00fadez oriente sa carri\u00e8re professionnelle vers le domaine de la transmission, de la recherche et de la documentation de la danse, coordonnant et dirigeant divers projets de m\u00e9diation et d&rsquo;\u00e9tude pour le Centre chor\u00e9graphique ICK Amsterdam, Amsterdam Hoogschool, les archives musicales et artistiques Arts du spectacle de Navarre, Gipuzkoako Dantzagunea et Dantzaz. <a class=\"leermas\">Leer m\u00e1s&#8230;<\/a><\/p>\n<p class=\"mastexto\">Il collabore \u00e9troitement avec diff\u00e9rents groupes de recherche europ\u00e9ens ax\u00e9s sur l&rsquo;analyse de la danse, la documentation et les m\u00e9dias num\u00e9riques et travaille, depuis 2016, \u00e0 Dantzaz depuis la coordination du projet Red Atalak, dans le d\u00e9veloppement de projets et dans l&rsquo;accompagnement de chor\u00e9graphes et chor\u00e9graphes.<\/p>\n<p>[\/et_pb_text][\/et_pb_column][\/et_pb_row][et_pb_row column_structure=\u00a0\u00bb1_3,1_3,1_3&Prime; use_custom_gutter=\u00a0\u00bbon\u00a0\u00bb gutter_width=\u00a0\u00bb4&Prime; module_class=\u00a0\u00bbequipo\u00a0\u00bb _builder_version=\u00a0\u00bb4.17.4&Prime; _module_preset=\u00a0\u00bbdefault\u00a0\u00bb collapsed=\u00a0\u00bboff\u00a0\u00bb global_colors_info=\u00a0\u00bb{}\u00a0\u00bb][et_pb_column type=\u00a0\u00bb1_3&Prime; _builder_version=\u00a0\u00bb4.17.4&Prime; _module_preset=\u00a0\u00bbdefault\u00a0\u00bb global_colors_info=\u00a0\u00bb{}\u00a0\u00bb][et_pb_image src=\u00a0\u00bbhttps:\/\/dantzaz.eus\/wp-content\/uploads\/2022\/07\/atalak-equipo-staff-sofia.jpg\u00a0\u00bb title_text=\u00a0\u00bbatalak-equipo-staff-sofia\u00a0\u00bb _builder_version=\u00a0\u00bb4.17.4&Prime; _module_preset=\u00a0\u00bbdefault\u00a0\u00bb global_colors_info=\u00a0\u00bb{}\u00a0\u00bb][\/et_pb_image][et_pb_text module_class=\u00a0\u00bbequipo\u00a0\u00bb _builder_version=\u00a0\u00bb4.17.4&Prime; _module_preset=\u00a0\u00bbdefault\u00a0\u00bb global_colors_info=\u00a0\u00bb{}\u00a0\u00bb]<\/p>\n<h3>Sof\u00eda Alforja<\/h3>\n<p><em>Coordinatrice de Dantzagunea<\/em><\/p>\n<p>Form\u00e9e \u00e0 l&rsquo;\u00c9cole de th\u00e9\u00e2tre de Navarre, elle obtient en 1988 une bourse pour \u00e9tudier la production au Th\u00e9\u00e2tre Albeniz de Madrid avec Teresa Valentin. Apr\u00e8s avoir d\u00e9velopp\u00e9 son stage au Centre National des Nouvelles Tendances de Madrid, dirig\u00e9 par Guillermo Heras, il r\u00e9alise diff\u00e9rents spectacles pour les compagnies basques Bederen-1 et Tanttaka.<a class=\"leermas\">Leer m\u00e1s&#8230;<\/a><\/p>\n<p class=\"mastexto\"> En 1991, elle a travaill\u00e9 comme coordinatrice technique de l&rsquo;Auditorium de la Cartuja (EXPO&rsquo;92) pendant le Pre-Expo et en 1992, elle a \u00e9t\u00e9 coordinatrice de production du programme d&rsquo;ANIMATION DE RUE pour la compagnie HISPANO&rsquo;92 \u00e0 l&rsquo;EXPO&rsquo;92 (S\u00e9ville).<br \/>\nDe 1993 \u00e0 1995, directeur de production des diff\u00e9rents spectacles produits par ARTESZENA, Teatro P\u00fablico de Gipuzkoa, associ\u00e9 jusqu&rsquo;en 2000 \u00e0 la production du festival Maiatza Dantzan de la Diputaci\u00f3n Foral de Gipuzkoa.<br \/>\nDe 1995 \u00e0 2000, il a travaill\u00e9 dans le d\u00e9partement de production de la Quincena Musical de Donostia.<br \/>\nDe 1998 \u00e0 2002, elle travaille au d\u00e9partement de production du Zinemaldi, le festival international du film de Donostia-San Sebastian.<br \/>\nDe 2003 \u00e0 2014, elle est directrice de production chez Dantzaz.<br \/>\nDepuis 2015, elle coordonne Dantzagunea, le service de danse du Conseil provincial de Gipuzkoa.[\/et_pb_text][\/et_pb_column][et_pb_column type=\u00a0\u00bb1_3&Prime; _builder_version=\u00a0\u00bb4.17.4&Prime; _module_preset=\u00a0\u00bbdefault\u00a0\u00bb global_colors_info=\u00a0\u00bb{}\u00a0\u00bb][et_pb_image src=\u00a0\u00bbhttps:\/\/dantzaz.eus\/wp-content\/uploads\/2022\/07\/Dantzaz-fotos-corporativas_BW-4.jpg\u00a0\u00bb title_text=\u00a0\u00bbDantzaz fotos corporativas_BW-4&Prime; _builder_version=\u00a0\u00bb4.21.0&Prime; _module_preset=\u00a0\u00bbdefault\u00a0\u00bb global_colors_info=\u00a0\u00bb{}\u00a0\u00bb][\/et_pb_image][et_pb_text _builder_version=\u00a0\u00bb4.17.4&Prime; _module_preset=\u00a0\u00bbdefault\u00a0\u00bb global_colors_info=\u00a0\u00bb{}\u00a0\u00bb]<\/p>\n<h3>Laura G. Latasa<\/h3>\n<p><em>M\u00e9diations<\/em><\/p>\n<p>N\u00e9e \u00e0 Bilbao, Laura a commenc\u00e9 sa formation professionnelle en danse \u00e0 l&rsquo;Escuela Superior de Danza de Euskadi, Dantzerti. Apr\u00e8s deux ans, elle d\u00e9cide de poursuivre sa formation au Centro Andaluz de Danza \u00e0 S\u00e9ville. En 2020, elle rejoint Dantzaz, o\u00f9 pendant trois ans elle a eu l&rsquo;occasion de participer \u00e0 diff\u00e9rents processus cr\u00e9atifs en travaillant avec des chor\u00e9graphes tels que Gil Harush, Hilde Koch, Carmen Larraz et Giovanni Insaudo, entre autres. <a class=\"leermas\">Leer m\u00e1s&#8230;<\/a><\/p>\n<p class=\"mastexto\">En outre, en tant qu&rsquo;interpr\u00e8te, elle a particip\u00e9 \u00e0 des projets avec MDV Danza et Eva Guerrero. Aujourd&rsquo;hui, elle codirige son propre collectif de danse avec I\u00f1igo Rementeria, Diskordia Kolektiboa. En 2021, elle fait partie de l&rsquo;\u00e9quipe de m\u00e9diation de Dantzaz, qui apporte la danse dans diff\u00e9rents contextes et r\u00e9alit\u00e9s. Parall\u00e8lement, elle \u00e9tudie l&rsquo;\u00e9ducation sociale \u00e0 l&rsquo;UNED, ce qui l&rsquo;a aid\u00e9e \u00e0 compl\u00e9ter et \u00e0 enrichir les outils dont elle a besoin en tant que m\u00e9diatrice. Elle a \u00e9galement donn\u00e9 des cours de danse pour tous les \u00e2ges \u00e0 Bilbao, S\u00e9ville et maintenant \u00e0 Saint-S\u00e9bastien.<\/p>\n<p>[\/et_pb_text][\/et_pb_column][et_pb_column type=\u00a0\u00bb1_3&Prime; _builder_version=\u00a0\u00bb4.17.4&Prime; _module_preset=\u00a0\u00bbdefault\u00a0\u00bb global_colors_info=\u00a0\u00bb{}\u00a0\u00bb][et_pb_image src=\u00a0\u00bbhttps:\/\/dantzaz.eus\/wp-content\/uploads\/2024\/10\/Ainhoa_BN-cuadrado.jpg\u00a0\u00bb alt=\u00a0\u00bbRafke van Houplines\u00a0\u00bb title_text=\u00a0\u00bbAinhoa_B:N cuadrado\u00a0\u00bb _builder_version=\u00a0\u00bb4.27.2&Prime; _module_preset=\u00a0\u00bbdefault\u00a0\u00bb global_colors_info=\u00a0\u00bb{}\u00a0\u00bb][\/et_pb_image][et_pb_text module_class=\u00a0\u00bbequipo\u00a0\u00bb _builder_version=\u00a0\u00bb4.27.2&Prime; _module_preset=\u00a0\u00bbdefault\u00a0\u00bb global_colors_info=\u00a0\u00bb{}\u00a0\u00bb]<\/p>\n<h3>Ainhoa Uribarri<\/h3>\n<p><em>Communication et gestion<\/em><\/p>\n<p>N\u00e9e \u00e0 Gasteiz, elle s&rsquo;est toujours int\u00e9ress\u00e9e au monde de la danse. Elle a commenc\u00e9 \u00e0 pratiquer la danse basque d\u00e8s l&rsquo;enfance, \u00e0 l&rsquo;\u00e9cole, puis \u00e0 l&rsquo;Acad\u00e9mie de folklore de Gasteiz et \u00e0 Jare dantza taldea.<\/p>\n<p>Sa carri\u00e8re, cependant, a suivi un chemin diff\u00e9rent. Elle a une licence en communication audiovisuelle et une ma\u00eetrise en gestion culturelle.<\/p>\n<p>Apr\u00e8s avoir travaill\u00e9 dans plusieurs compagnies et festivals, elle a combin\u00e9 son int\u00e9r\u00eat pour la danse et les connaissances acquises au cours de sa carri\u00e8re. Elle est aujourd&rsquo;hui responsable de la communication chez Dantzaz et participe \u00e9galement \u00e0 la gestion de projets europ\u00e9ens.<\/p>\n<p>[\/et_pb_text][\/et_pb_column][\/et_pb_row][et_pb_row column_structure=\u00a0\u00bb1_3,1_3,1_3&Prime; module_class=\u00a0\u00bbequipo\u00a0\u00bb _builder_version=\u00a0\u00bb4.21.0&Prime; _module_preset=\u00a0\u00bbdefault\u00a0\u00bb global_colors_info=\u00a0\u00bb{}\u00a0\u00bb][et_pb_column type=\u00a0\u00bb1_3&Prime; _builder_version=\u00a0\u00bb4.17.4&Prime; _module_preset=\u00a0\u00bbdefault\u00a0\u00bb global_colors_info=\u00a0\u00bb{}\u00a0\u00bb][\/et_pb_column][et_pb_column type=\u00a0\u00bb1_3&Prime; _builder_version=\u00a0\u00bb4.17.4&Prime; _module_preset=\u00a0\u00bbdefault\u00a0\u00bb global_colors_info=\u00a0\u00bb{}\u00a0\u00bb][et_pb_image src=\u00a0\u00bbhttps:\/\/dantzaz.eus\/wp-content\/uploads\/2022\/07\/atalak-equipo-staff-iker.jpg\u00a0\u00bb title_text=\u00a0\u00bbatalak-equipo-staff-iker\u00a0\u00bb _builder_version=\u00a0\u00bb4.17.4&Prime; _module_preset=\u00a0\u00bbdefault\u00a0\u00bb global_colors_info=\u00a0\u00bb{}\u00a0\u00bb][\/et_pb_image][et_pb_text module_class=\u00a0\u00bbequipo\u00a0\u00bb _builder_version=\u00a0\u00bb4.17.4&Prime; _module_preset=\u00a0\u00bbdefault\u00a0\u00bb global_colors_info=\u00a0\u00bb{}\u00a0\u00bb]<\/p>\n<h3>Iker Bengotxea<\/h3>\n<p><em>Responsable d\u2019administration<\/em><\/p>\n<p>Sp\u00e9cimen curieux dans la trajectoire culturelle duquel il a d\u00fb \u00eatre plong\u00e9 \u00e0 la fois dans le monde sombre des chiffres, des comptes, des factures et des justifications, ainsi que sur sc\u00e8ne dans son travail d&rsquo;acteur et de chanteur. Un profil aussi inhabituel nous aide \u00e0 briser la barri\u00e8re habituelle qui existe entre les bureaux et les sc\u00e8nes, en obtenant l&#8217;empathie et la compr\u00e9hension n\u00e9cessaires de ceux qui sont d&rsquo;un c\u00f4t\u00e9 et de l&rsquo;autre. <a class=\"leermas\">Leer m\u00e1s&#8230;<\/a><\/p>\n<p class=\"mastexto\">Form\u00e9 en sciences commerciales et en gestion culturelle (Master en direction et gestion des industries culturelles et cr\u00e9atives de l&rsquo;Universit\u00e9 europ\u00e9enne Miguel de Cervantes), il a rejoint le R\u00e9seau th\u00e9\u00e2tral de Navarre en 2018, o\u00f9 il a lanc\u00e9 le Circuit des arts du spectacle. \u00c0 la suite de ce travail, il est devenu conseiller sporadique de l&rsquo;\u00e9quipe culturelle du gouvernement de Navarre et a \u00e9t\u00e9 charg\u00e9 de g\u00e9rer certains de ses programmes, tels que 948C\/Kultura. En parall\u00e8le, il int\u00e8gre l&rsquo;\u00e9quipe de Dantzaz afin de contribuer \u00e0 l&rsquo;am\u00e9lioration et \u00e0 la professionnalisation de la gestion financi\u00e8re de l&rsquo;entit\u00e9.<\/p>\n<p>[\/et_pb_text][\/et_pb_column][et_pb_column type=\u00a0\u00bb1_3&Prime; _builder_version=\u00a0\u00bb4.17.4&Prime; _module_preset=\u00a0\u00bbdefault\u00a0\u00bb global_colors_info=\u00a0\u00bb{}\u00a0\u00bb][\/et_pb_column][\/et_pb_row][et_pb_row module_class=\u00a0\u00bbancho2&Prime; _builder_version=\u00a0\u00bb4.17.4&Prime; _module_preset=\u00a0\u00bbdefault\u00a0\u00bb custom_padding=\u00a0\u00bb||0px||false|false\u00a0\u00bb collapsed=\u00a0\u00bboff\u00a0\u00bb global_colors_info=\u00a0\u00bb{}\u00a0\u00bb][et_pb_column type=\u00a0\u00bb4_4&Prime; _builder_version=\u00a0\u00bb4.17.4&Prime; _module_preset=\u00a0\u00bbdefault\u00a0\u00bb global_colors_info=\u00a0\u00bb{}\u00a0\u00bb][et_pb_text module_class=\u00a0\u00bbfucsia titular-linea\u00a0\u00bb _builder_version=\u00a0\u00bb4.17.4&Prime; _module_preset=\u00a0\u00bbdefault\u00a0\u00bb global_colors_info=\u00a0\u00bb{}\u00a0\u00bb]<\/p>\n<h2>Batzarra<\/h2>\n<p>[\/et_pb_text][et_pb_text module_class=\u00a0\u00bbancho3 auto\u00a0\u00bb _builder_version=\u00a0\u00bb4.17.4&Prime; _module_preset=\u00a0\u00bbdefault\u00a0\u00bb text_font_size=\u00a0\u00bb20px\u00a0\u00bb custom_padding=\u00a0\u00bb0px||35px||false|false\u00a0\u00bb global_colors_info=\u00a0\u00bb{}\u00a0\u00bb]<\/p>\n<p style=\"text-align: center;\">Le sens Batzarra en basque d\u00e9signe l&rsquo;assembl\u00e9e, la rencontre&#8230; en g\u00e9n\u00e9ral, de personnes dont le savoir et l&rsquo;exp\u00e9rience \u00e9clairent et accompagnent une communaut\u00e9. A Dantzaz, notre batzarra nous accompagne depuis nos d\u00e9buts et est compos\u00e9e de personnes d&rsquo;une grande sagesse telles que:<\/p>\n<p>[\/et_pb_text][\/et_pb_column][\/et_pb_row][et_pb_row column_structure=\u00a0\u00bb1_3,1_3,1_3&Prime; use_custom_gutter=\u00a0\u00bbon\u00a0\u00bb gutter_width=\u00a0\u00bb4&Prime; module_class=\u00a0\u00bbequipo\u00a0\u00bb _builder_version=\u00a0\u00bb4.17.4&Prime; _module_preset=\u00a0\u00bbdefault\u00a0\u00bb collapsed=\u00a0\u00bboff\u00a0\u00bb global_colors_info=\u00a0\u00bb{}\u00a0\u00bb][et_pb_column type=\u00a0\u00bb1_3&Prime; _builder_version=\u00a0\u00bb4.17.4&Prime; _module_preset=\u00a0\u00bbdefault\u00a0\u00bb global_colors_info=\u00a0\u00bb{}\u00a0\u00bb][et_pb_image src=\u00a0\u00bbhttps:\/\/dantzaz.eus\/wp-content\/uploads\/2022\/07\/atalak-equipo-batzarra-inaki-1.jpg\u00a0\u00bb title_text=\u00a0\u00bbatalak-equipo-batzarra-inaki\u00a0\u00bb _builder_version=\u00a0\u00bb4.17.4&Prime; _module_preset=\u00a0\u00bbdefault\u00a0\u00bb global_colors_info=\u00a0\u00bb{}\u00a0\u00bb][\/et_pb_image][et_pb_text module_class=\u00a0\u00bbequipo\u00a0\u00bb _builder_version=\u00a0\u00bb4.17.4&Prime; _module_preset=\u00a0\u00bbdefault\u00a0\u00bb global_colors_info=\u00a0\u00bb{}\u00a0\u00bb]<\/p>\n<h3>I\u00f1aki Arregi Artano <\/h3>\n<p><em>Pr\u00e9sident<\/em><\/p>\n<p>Dipl\u00f4m\u00e9 en sciences \u00e9conomiques et commerciales, il a li\u00e9 sa carri\u00e8re professionnelle au domaine de la technologie, d&rsquo;abord \u00e0 la multinationale Bull puis \u00e0 la soci\u00e9t\u00e9 Entelgy jusqu&rsquo;\u00e0 sa retraite en 2019. Fascin\u00e9 par la danse depuis son plus jeune \u00e2ge, il a fait partie de le groupe Lizar-Makil d&rsquo;Andoain, de Goizaldi et le groupe Argia, o\u00f9 il a particip\u00e9 en tant que professeur de dantzari et de danse \u00e0 diff\u00e9rents projets men\u00e9s par J.A. Urbeltz. Egalement int\u00e9ress\u00e9 par la danse classique et contemporaine, il rejoint la Batza-rra de Dantzaz en 2010.[\/et_pb_text][\/et_pb_column][et_pb_column type=\u00a0\u00bb1_3&Prime; _builder_version=\u00a0\u00bb4.17.4&Prime; _module_preset=\u00a0\u00bbdefault\u00a0\u00bb global_colors_info=\u00a0\u00bb{}\u00a0\u00bb][et_pb_image src=\u00a0\u00bbhttps:\/\/dantzaz.eus\/wp-content\/uploads\/2022\/07\/atalak-equipo-batzarra-jon-bagues.jpg\u00a0\u00bb title_text=\u00a0\u00bbatalak-equipo-batzarra-jon-bagues\u00a0\u00bb _builder_version=\u00a0\u00bb4.17.4&Prime; _module_preset=\u00a0\u00bbdefault\u00a0\u00bb global_colors_info=\u00a0\u00bb{}\u00a0\u00bb][\/et_pb_image][et_pb_text module_class=\u00a0\u00bbequipo\u00a0\u00bb _builder_version=\u00a0\u00bb4.27.3&Prime; _module_preset=\u00a0\u00bbdefault\u00a0\u00bb global_colors_info=\u00a0\u00bb{}\u00a0\u00bb]<\/p>\n<h3>Jon Bag\u00fc\u00e9s Erriondo<\/h3>\n<p><em>Secr\u00e9taire<\/em><\/p>\n<p>Licence en histoire de l&rsquo;art (1977) et doctorat (1990). Il a \u00e9tudi\u00e9 les archives et la documentation \u00e0 Madrid (1982-83), ainsi que des \u00e9tudes musicales aux conservatoires de Donostia, Barcelone et Madrid. Il est l&rsquo;auteur de deux monographies et de plus de 60 articles sur l&rsquo;histoire de la musique et la documentation musicale. Il a \u00e9t\u00e9 le premier pr\u00e9sident de l&rsquo;Association espagnole de documentation musicale, une branche de l&rsquo;Association internationale des biblioth\u00e8ques musicales, dont il a \u00e9galement \u00e9t\u00e9 vice-pr\u00e9sident. Apr\u00e8s vingt ans \u00e0 la direction de l&rsquo;ERESBIL, l&rsquo;Archive musicale basque, il prend sa retraite en 2020. En 1985, il fonde le groupe de musique ancienne Capilla Pe\u00f1aflorida.<\/p>\n<p>[\/et_pb_text][\/et_pb_column][et_pb_column type=\u00a0\u00bb1_3&Prime; _builder_version=\u00a0\u00bb4.17.4&Prime; _module_preset=\u00a0\u00bbdefault\u00a0\u00bb global_colors_info=\u00a0\u00bb{}\u00a0\u00bb][et_pb_image src=\u00a0\u00bbhttps:\/\/dantzaz.eus\/wp-content\/uploads\/2024\/11\/xabiz.png\u00a0\u00bb title_text=\u00a0\u00bbxabiz\u00a0\u00bb admin_label=\u00a0\u00bbImage\u00a0\u00bb _builder_version=\u00a0\u00bb4.27.2&Prime; _module_preset=\u00a0\u00bbdefault\u00a0\u00bb global_colors_info=\u00a0\u00bb{}\u00a0\u00bb][\/et_pb_image][et_pb_text _builder_version=\u00a0\u00bb4.27.3&Prime; _module_preset=\u00a0\u00bbdefault\u00a0\u00bb global_colors_info=\u00a0\u00bb{}\u00a0\u00bb]<\/p>\n<h3>Xabier Zaldua Olabeaga<\/h3>\n<p><em>Tr\u00e9sorier<\/em><\/p>\n<p>Journaliste de profession. D&rsquo;abord \u00e0 la radio (1976, SER Donostia), mais surtout \u00e0 Euskal Telebista. Depuis la premi\u00e8re \u00e9mission (1982), il a particip\u00e9 \u00e0 toutes sortes de programmes, devant et derri\u00e8re la cam\u00e9ra, jusqu&rsquo;\u00e0 sa r\u00e9cente retraite. Pendant quatre ans, il a travaill\u00e9 dans le secteur de l&rsquo;\u00e9dition (ELKAR). En tant qu&rsquo;enfant, il conna\u00eet le groupe ANEXA, pionnier de la danse contemporaine, \u00e0 l&rsquo;\u00e9poque o\u00f9 on la qualifiait d'\u00a0\u00bbexp\u00e9rimentale\u00a0\u00bb. Il apprend les danses traditionnelles basques, d&rsquo;abord avec GOIZALDI, puis avec KRESALA, \u00e0 l&rsquo;\u00e9poque de Gene Yurre. Depuis dix ans, il est membre du conseil d&rsquo;administration de DANTZAZ.<\/p>\n<p>[\/et_pb_text][\/et_pb_column][\/et_pb_row][et_pb_row column_structure=\u00a0\u00bb1_3,1_3,1_3&Prime; use_custom_gutter=\u00a0\u00bbon\u00a0\u00bb gutter_width=\u00a0\u00bb4&Prime; module_class=\u00a0\u00bbequipo\u00a0\u00bb _builder_version=\u00a0\u00bb4.17.4&Prime; _module_preset=\u00a0\u00bbdefault\u00a0\u00bb collapsed=\u00a0\u00bboff\u00a0\u00bb global_colors_info=\u00a0\u00bb{}\u00a0\u00bb][et_pb_column type=\u00a0\u00bb1_3&Prime; _builder_version=\u00a0\u00bb4.17.4&Prime; _module_preset=\u00a0\u00bbdefault\u00a0\u00bb global_colors_info=\u00a0\u00bb{}\u00a0\u00bb][et_pb_image src=\u00a0\u00bbhttps:\/\/dantzaz.eus\/wp-content\/uploads\/2022\/07\/atalak-equipo-batzarra-andoni.jpg\u00a0\u00bb title_text=\u00a0\u00bbatalak-equipo-batzarra-andoni\u00a0\u00bb _builder_version=\u00a0\u00bb4.17.4&Prime; _module_preset=\u00a0\u00bbdefault\u00a0\u00bb global_colors_info=\u00a0\u00bb{}\u00a0\u00bb][\/et_pb_image][et_pb_text module_class=\u00a0\u00bbequipo\u00a0\u00bb _builder_version=\u00a0\u00bb4.17.4&Prime; _module_preset=\u00a0\u00bbdefault\u00a0\u00bb global_colors_info=\u00a0\u00bb{}\u00a0\u00bb]<\/p>\n<h3>Andoni Mutiloa<\/h3>\n<p>Il est journaliste et cr\u00e9ateur. Il fait ses premiers pas en danse basque \u00e0 l&rsquo;\u00e9cole Juanito Sanchiz (Hernani). Adolescent, il entre \u00e0 Eskola Dantza Taldea, o\u00f9 il passe pr\u00e8s de 15 ans. Il a \u00e9tudi\u00e9 le journalisme (Leioa, UPV) et a travaill\u00e9 comme r\u00e9dacteur dans diff\u00e9rents programmes ETB. De 2001 \u00e0 2007, il a \u00e9t\u00e9 animateur radio pour Gaztea. Plus tard, il a rejoint Euskadi Irratia et a \u00e9t\u00e9 r\u00e9dacteur et pr\u00e9sentateur de divers programmes pendant huit ans. En 2017, il a d\u00e9cid\u00e9 de prendre un cong\u00e9 d&rsquo;Euskadi Irratia, et depuis lors, il a concentr\u00e9 son activit\u00e9 de cr\u00e9ateur sur les arts de la sc\u00e8ne. R\u00e9cemment, il a cr\u00e9\u00e9 le cabaret \u00ab Esnatu Naiz \u00bb.[\/et_pb_text][\/et_pb_column][et_pb_column type=\u00a0\u00bb1_3&Prime; _builder_version=\u00a0\u00bb4.17.4&Prime; _module_preset=\u00a0\u00bbdefault\u00a0\u00bb global_colors_info=\u00a0\u00bb{}\u00a0\u00bb][et_pb_image src=\u00a0\u00bbhttps:\/\/dantzaz.eus\/wp-content\/uploads\/2022\/07\/Camila-de-Epalza-Azqueta-e1730908609317.jpg\u00a0\u00bb alt=\u00a0\u00bbCamila de Epalza Azqueta\u00a0\u00bb title_text=\u00a0\u00bbCamila de Epalza Azqueta\u00a0\u00bb _builder_version=\u00a0\u00bb4.27.2&Prime; _module_preset=\u00a0\u00bbdefault\u00a0\u00bb global_colors_info=\u00a0\u00bb{}\u00a0\u00bb][\/et_pb_image][et_pb_text module_class=\u00a0\u00bbequipo\u00a0\u00bb _builder_version=\u00a0\u00bb4.27.2&Prime; _module_preset=\u00a0\u00bbdefault\u00a0\u00bb global_colors_info=\u00a0\u00bb{}\u00a0\u00bb]<\/p>\n<h3>Camila de Epalza Azqueta<\/h3>\n<p>Dipl\u00f4m\u00e9e en sociologie et sciences politiques, avec une sp\u00e9cialisation en sociologie politique, de l&rsquo;Universit\u00e9 du Pays basque (UPV-EHU), et titulaire d&rsquo;un dipl\u00f4me d&rsquo;\u00e9tudes sup\u00e9rieures en affaires europ\u00e9ennes et relations internationales, et apr\u00e8s avoir travaill\u00e9 pendant six ans pour les Nations unies (UNICEF Costa Rica et PNUD Guin\u00e9e-Bissau), Camila de Epalza est membre de l&rsquo;\u00e9quipe technique de la d\u00e9l\u00e9gation du gouvernement basque aupr\u00e8s de l&rsquo;Union europ\u00e9enne depuis 2004. En tant que technicienne sup\u00e9rieure en action ext\u00e9rieure, elle se concentre sur les politiques europ\u00e9ennes dans le domaine de l&rsquo;\u00e9ducation et de la sp\u00e9cialisation, des secteurs et industries culturels et cr\u00e9atifs, de la coop\u00e9ration au d\u00e9veloppement et des agendas internationaux. Elle conseille \u00e9galement les agents, les acteurs socio-\u00e9conomiques et les autorit\u00e9s publiques basques sur ces politiques, \u00e9tablit des liens avec les partenaires europ\u00e9ens et ouvre des opportunit\u00e9s sur l&rsquo;agenda europ\u00e9en. \u00c0 titre d&rsquo;exemple, elle collabore avec la KIC basque EIT et en fait partie, tout en \u00e9tant membre du groupe de pilotage \u00ab Creative Euskadi \u00bb du PCTI (Plan pour la science, la technologie et l&rsquo;innovation au Pays basque \u00e0 l&rsquo;horizon 2030) et de KSIGUNE. Elle co-dirige le r\u00e9seau de l&rsquo;Initiative r\u00e9gionale europ\u00e9enne pour la culture et la cr\u00e9ativit\u00e9 (RICC) et participe aux initiatives men\u00e9es par la Commission europ\u00e9enne dans le cadre du Pacte4Skills.<\/p>\n<p>[\/et_pb_text][\/et_pb_column][et_pb_column type=\u00a0\u00bb1_3&Prime; _builder_version=\u00a0\u00bb4.17.4&Prime; _module_preset=\u00a0\u00bbdefault\u00a0\u00bb global_colors_info=\u00a0\u00bb{}\u00a0\u00bb][et_pb_image src=\u00a0\u00bbhttps:\/\/dantzaz.eus\/wp-content\/uploads\/2024\/11\/oskia.png\u00a0\u00bb alt=\u00a0\u00bbCamila de Epalza Azqueta\u00a0\u00bb title_text=\u00a0\u00bboskia\u00a0\u00bb admin_label=\u00a0\u00bbImage\u00a0\u00bb _builder_version=\u00a0\u00bb4.27.2&Prime; _module_preset=\u00a0\u00bbdefault\u00a0\u00bb global_colors_info=\u00a0\u00bb{}\u00a0\u00bb][\/et_pb_image][et_pb_text module_class=\u00a0\u00bbequipo\u00a0\u00bb _builder_version=\u00a0\u00bb4.27.2&Prime; _module_preset=\u00a0\u00bbdefault\u00a0\u00bb global_colors_info=\u00a0\u00bb{}\u00a0\u00bb]<\/p>\n<h3>Oskia Ugarte Abarzuza<\/h3>\n<div class=\"col-md-12 col-xs-12\">Elle est dipl\u00f4m\u00e9e en histoire de l&rsquo;art de l&rsquo;Universit\u00e9 du Pays Basque et sp\u00e9cialiste de la production culturelle du point de vue de la critique f\u00e9ministe. Elle d\u00e9veloppe son travail dans la direction, la coordination et l&rsquo;accompagnement de projets d&rsquo;art contemporain sur des th\u00e8mes tels que le f\u00e9minisme, le territoire et la connaissance localis\u00e9e et les pratiques collectives. Depuis 2016, elle dirige le centre Huarte, d&rsquo;abord en direction partag\u00e9e avec trois autres agents de la communaut\u00e9 artistique et maintenant seule. Elle fait du travail de commissariat, communication, gestion culturelle et coordination des expositions avec des institutions telles que le Mus\u00e9e Oteiza, la salle Kubo du Kursaal ou la Galerie Mois\u00e9s P\u00e9rez d&rsquo;Alb\u00e9niz.<br \/>En 2011, elle cr\u00e9e le colectif et espace de cr\u00e9ation <em>Sala de m\u00e1quinas<\/em> avec quatre autres cr\u00e9ateurs. Elle pr\u00e9side le d\u00e9partement d&rsquo;art de l&rsquo;UEU (Universit\u00e9 Basque d&rsquo;\u00c9t\u00e9) et la d\u00e9l\u00e9gation de Navarre de l&rsquo;IAC (Institut d&rsquo;Art Contemporain). En outre, elle a \u00e9t\u00e9 directricw scientifique du projet <em>Droits culturels : politiques de participation et de gouvernance<\/em> \u00e0 Eusko Ikaskuntza. Elle a particip\u00e9 \u00e0 divers jurys et comit\u00e9s, tels que la commission consultative pour l&rsquo;achat d&rsquo;\u0153uvres pour la collection du Gouvernement de Navarre, Ertibil de la D\u00e9putation Forale de Bizkaia, le\u00a0Centre Sorgune ou les aides <em>Babestu<\/em> du Centre Azkuna du Gouvernement Basque.<\/div>\n<p>[\/et_pb_text][\/et_pb_column][\/et_pb_row][\/et_pb_section]<\/p>\n","protected":false},"excerpt":{"rendered":"<p>Qui sommes-nous Dantzaz ?StaffAdriana Pous Codirectrice, directrice artistique, ma\u00eetre de ballet et responsable de l&rsquo;accompagnement artistique Son exp\u00e9rience de danseuse s&rsquo;est forg\u00e9e en Europe et en Am\u00e9rique du Sud en partageant la sc\u00e8ne avec des artistes de la projection de Noureev, Makarova ou Bujones, entre autres. Il dirige le projet Dantzaz depuis 2002, donnant \u00e0 [&hellip;]<\/p>\n","protected":false},"author":1,"featured_media":0,"parent":0,"menu_order":0,"comment_status":"closed","ping_status":"closed","template":"","meta":{"_acf_changed":false,"_et_pb_use_builder":"on","_et_pb_old_content":"","_et_gb_content_width":"","content-type":"","footnotes":""},"class_list":["post-2135","page","type-page","status-publish","hentry"],"acf":[],"yoast_head":"<!-- This site is optimized with the Yoast SEO plugin v27.4 - https:\/\/yoast.com\/product\/yoast-seo-wordpress\/ -->\n<title>\u00c9quipe - Dantzaz<\/title>\n<meta name=\"robots\" content=\"index, follow, max-snippet:-1, max-image-preview:large, max-video-preview:-1\" \/>\n<link rel=\"canonical\" href=\"https:\/\/dantzaz.eus\/taldea\/\" \/>\n<meta property=\"og:locale\" content=\"fr_FR\" \/>\n<meta property=\"og:type\" content=\"article\" \/>\n<meta property=\"og:title\" content=\"\u00c9quipe - Dantzaz\" \/>\n<meta property=\"og:description\" content=\"Qui sommes-nous Dantzaz ?StaffAdriana Pous Codirectrice, directrice artistique, ma\u00eetre de ballet et responsable de l&#039;accompagnement artistique Son exp\u00e9rience de danseuse s&#039;est forg\u00e9e en Europe et en Am\u00e9rique du Sud en partageant la sc\u00e8ne avec des artistes de la projection de Noureev, Makarova ou Bujones, entre autres. Il dirige le projet Dantzaz depuis 2002, donnant \u00e0 [&hellip;]\" \/>\n<meta property=\"og:url\" content=\"https:\/\/dantzaz.eus\/taldea\/\" \/>\n<meta property=\"og:site_name\" content=\"Dantzaz\" \/>\n<meta property=\"article:publisher\" content=\"https:\/\/www.facebook.com\/Dantzaz\" \/>\n<meta property=\"article:modified_time\" content=\"2025-11-06T08:43:24+00:00\" \/>\n<meta name=\"twitter:card\" content=\"summary_large_image\" \/>\n<meta name=\"twitter:label1\" content=\"Dur\u00e9e de lecture estim\u00e9e\" \/>\n\t<meta name=\"twitter:data1\" content=\"16 minutes\" \/>\n<script type=\"application\/ld+json\" class=\"yoast-schema-graph\">{\"@context\":\"https:\\\/\\\/schema.org\",\"@graph\":[{\"@type\":\"WebPage\",\"@id\":\"https:\\\/\\\/dantzaz.eus\\\/taldea\\\/\",\"url\":\"https:\\\/\\\/dantzaz.eus\\\/taldea\\\/\",\"name\":\"\u00c9quipe - Dantzaz\",\"isPartOf\":{\"@id\":\"https:\\\/\\\/dantzaz.eus\\\/#website\"},\"datePublished\":\"2022-07-10T18:16:34+00:00\",\"dateModified\":\"2025-11-06T08:43:24+00:00\",\"breadcrumb\":{\"@id\":\"https:\\\/\\\/dantzaz.eus\\\/taldea\\\/#breadcrumb\"},\"inLanguage\":\"fr-FR\",\"potentialAction\":[{\"@type\":\"ReadAction\",\"target\":[\"https:\\\/\\\/dantzaz.eus\\\/taldea\\\/\"]}]},{\"@type\":\"BreadcrumbList\",\"@id\":\"https:\\\/\\\/dantzaz.eus\\\/taldea\\\/#breadcrumb\",\"itemListElement\":[{\"@type\":\"ListItem\",\"position\":1,\"name\":\"Home\",\"item\":\"https:\\\/\\\/dantzaz.eus\\\/\"},{\"@type\":\"ListItem\",\"position\":2,\"name\":\"\u00c9quipe\"}]},{\"@type\":\"WebSite\",\"@id\":\"https:\\\/\\\/dantzaz.eus\\\/#website\",\"url\":\"https:\\\/\\\/dantzaz.eus\\\/\",\"name\":\"Dantzaz\",\"description\":\"Dantzaz\",\"publisher\":{\"@id\":\"https:\\\/\\\/dantzaz.eus\\\/#organization\"},\"potentialAction\":[{\"@type\":\"SearchAction\",\"target\":{\"@type\":\"EntryPoint\",\"urlTemplate\":\"https:\\\/\\\/dantzaz.eus\\\/?s={search_term_string}\"},\"query-input\":{\"@type\":\"PropertyValueSpecification\",\"valueRequired\":true,\"valueName\":\"search_term_string\"}}],\"inLanguage\":\"fr-FR\"},{\"@type\":\"Organization\",\"@id\":\"https:\\\/\\\/dantzaz.eus\\\/#organization\",\"name\":\"Dantzaz\",\"url\":\"https:\\\/\\\/dantzaz.eus\\\/\",\"logo\":{\"@type\":\"ImageObject\",\"inLanguage\":\"fr-FR\",\"@id\":\"https:\\\/\\\/dantzaz.eus\\\/#\\\/schema\\\/logo\\\/image\\\/\",\"url\":\"https:\\\/\\\/dantzaz.eus\\\/wp-content\\\/uploads\\\/2021\\\/01\\\/logo-footer-1.jpg\",\"contentUrl\":\"https:\\\/\\\/dantzaz.eus\\\/wp-content\\\/uploads\\\/2021\\\/01\\\/logo-footer-1.jpg\",\"width\":255,\"height\":57,\"caption\":\"Dantzaz\"},\"image\":{\"@id\":\"https:\\\/\\\/dantzaz.eus\\\/#\\\/schema\\\/logo\\\/image\\\/\"},\"sameAs\":[\"https:\\\/\\\/www.facebook.com\\\/Dantzaz\",\"https:\\\/\\\/www.instagram.com\\\/dantzaz\",\"https:\\\/\\\/www.linkedin.com\\\/company\\\/dantzaz\"]}]}<\/script>\n<!-- \/ Yoast SEO plugin. -->","yoast_head_json":{"title":"\u00c9quipe - Dantzaz","robots":{"index":"index","follow":"follow","max-snippet":"max-snippet:-1","max-image-preview":"max-image-preview:large","max-video-preview":"max-video-preview:-1"},"canonical":"https:\/\/dantzaz.eus\/taldea\/","og_locale":"fr_FR","og_type":"article","og_title":"\u00c9quipe - Dantzaz","og_description":"Qui sommes-nous Dantzaz ?StaffAdriana Pous Codirectrice, directrice artistique, ma\u00eetre de ballet et responsable de l'accompagnement artistique Son exp\u00e9rience de danseuse s'est forg\u00e9e en Europe et en Am\u00e9rique du Sud en partageant la sc\u00e8ne avec des artistes de la projection de Noureev, Makarova ou Bujones, entre autres. Il dirige le projet Dantzaz depuis 2002, donnant \u00e0 [&hellip;]","og_url":"https:\/\/dantzaz.eus\/taldea\/","og_site_name":"Dantzaz","article_publisher":"https:\/\/www.facebook.com\/Dantzaz","article_modified_time":"2025-11-06T08:43:24+00:00","twitter_card":"summary_large_image","twitter_misc":{"Dur\u00e9e de lecture estim\u00e9e":"16 minutes"},"schema":{"@context":"https:\/\/schema.org","@graph":[{"@type":"WebPage","@id":"https:\/\/dantzaz.eus\/taldea\/","url":"https:\/\/dantzaz.eus\/taldea\/","name":"\u00c9quipe - Dantzaz","isPartOf":{"@id":"https:\/\/dantzaz.eus\/#website"},"datePublished":"2022-07-10T18:16:34+00:00","dateModified":"2025-11-06T08:43:24+00:00","breadcrumb":{"@id":"https:\/\/dantzaz.eus\/taldea\/#breadcrumb"},"inLanguage":"fr-FR","potentialAction":[{"@type":"ReadAction","target":["https:\/\/dantzaz.eus\/taldea\/"]}]},{"@type":"BreadcrumbList","@id":"https:\/\/dantzaz.eus\/taldea\/#breadcrumb","itemListElement":[{"@type":"ListItem","position":1,"name":"Home","item":"https:\/\/dantzaz.eus\/"},{"@type":"ListItem","position":2,"name":"\u00c9quipe"}]},{"@type":"WebSite","@id":"https:\/\/dantzaz.eus\/#website","url":"https:\/\/dantzaz.eus\/","name":"Dantzaz","description":"Dantzaz","publisher":{"@id":"https:\/\/dantzaz.eus\/#organization"},"potentialAction":[{"@type":"SearchAction","target":{"@type":"EntryPoint","urlTemplate":"https:\/\/dantzaz.eus\/?s={search_term_string}"},"query-input":{"@type":"PropertyValueSpecification","valueRequired":true,"valueName":"search_term_string"}}],"inLanguage":"fr-FR"},{"@type":"Organization","@id":"https:\/\/dantzaz.eus\/#organization","name":"Dantzaz","url":"https:\/\/dantzaz.eus\/","logo":{"@type":"ImageObject","inLanguage":"fr-FR","@id":"https:\/\/dantzaz.eus\/#\/schema\/logo\/image\/","url":"https:\/\/dantzaz.eus\/wp-content\/uploads\/2021\/01\/logo-footer-1.jpg","contentUrl":"https:\/\/dantzaz.eus\/wp-content\/uploads\/2021\/01\/logo-footer-1.jpg","width":255,"height":57,"caption":"Dantzaz"},"image":{"@id":"https:\/\/dantzaz.eus\/#\/schema\/logo\/image\/"},"sameAs":["https:\/\/www.facebook.com\/Dantzaz","https:\/\/www.instagram.com\/dantzaz","https:\/\/www.linkedin.com\/company\/dantzaz"]}]}},"_links":{"self":[{"href":"https:\/\/dantzaz.eus\/fr\/wp-json\/wp\/v2\/pages\/2135","targetHints":{"allow":["GET"]}}],"collection":[{"href":"https:\/\/dantzaz.eus\/fr\/wp-json\/wp\/v2\/pages"}],"about":[{"href":"https:\/\/dantzaz.eus\/fr\/wp-json\/wp\/v2\/types\/page"}],"author":[{"embeddable":true,"href":"https:\/\/dantzaz.eus\/fr\/wp-json\/wp\/v2\/users\/1"}],"replies":[{"embeddable":true,"href":"https:\/\/dantzaz.eus\/fr\/wp-json\/wp\/v2\/comments?post=2135"}],"version-history":[{"count":42,"href":"https:\/\/dantzaz.eus\/fr\/wp-json\/wp\/v2\/pages\/2135\/revisions"}],"predecessor-version":[{"id":5680,"href":"https:\/\/dantzaz.eus\/fr\/wp-json\/wp\/v2\/pages\/2135\/revisions\/5680"}],"wp:attachment":[{"href":"https:\/\/dantzaz.eus\/fr\/wp-json\/wp\/v2\/media?parent=2135"}],"curies":[{"name":"wp","href":"https:\/\/api.w.org\/{rel}","templated":true}]}}