{"id":16,"date":"2021-01-20T08:44:53","date_gmt":"2021-01-20T08:44:53","guid":{"rendered":"https:\/\/dantzaz.eus\/?page_id=16"},"modified":"2026-03-05T11:40:15","modified_gmt":"2026-03-05T10:40:15","slug":"home","status":"publish","type":"page","link":"https:\/\/dantzaz.eus\/es\/","title":{"rendered":"Esto es dantzaz"},"content":{"rendered":"<p>[et_pb_section fb_built=\u00bb1&#8243; custom_padding_last_edited=\u00bbon|desktop\u00bb admin_label=\u00bbLanding Hero\u00bb module_class=\u00bbintro\u00bb _builder_version=\u00bb4.17.4&#8243; background_color=\u00bb#000000&#8243; background_image=\u00bbhttps:\/\/dantzaz.eus\/wp-content\/uploads\/2022\/06\/slide.jpg\u00bb custom_padding=\u00bb260px|0px|260px|0px|false|false\u00bb custom_padding_tablet=\u00bb220px||220px||false|false\u00bb custom_padding_phone=\u00bb||140px||false|false\u00bb animation_style=\u00bbslide\u00bb animation_direction=\u00bbtop\u00bb animation_duration=\u00bb750ms\u00bb animation_intensity_slide=\u00bb2%\u00bb background_color_phone=\u00bbrgba(0,0,0,0.29)\u00bb background_last_edited=\u00bboff|phone\u00bb background_enable_color_phone=\u00bbon\u00bb use_background_color_gradient_phone=\u00bboff\u00bb background_size_phone=\u00bbcover\u00bb background_position_phone=\u00bbtop_center\u00bb background_blend_phone=\u00bbdarken\u00bb locked=\u00bboff\u00bb global_colors_info=\u00bb{}\u00bb][et_pb_row column_structure=\u00bb1_2,1_2&#8243; _builder_version=\u00bb4.17.4&#8243; custom_margin=\u00bb|||\u00bb custom_width_px=\u00bb1280px\u00bb global_colors_info=\u00bb{}\u00bb][et_pb_column type=\u00bb1_2&#8243; _builder_version=\u00bb4.16&#8243; custom_padding=\u00bb|||\u00bb global_colors_info=\u00bb{}\u00bb custom_padding__hover=\u00bb|||\u00bb][et_pb_text admin_label=\u00bbTexto\u00bb _builder_version=\u00bb4.21.0&#8243; text_text_color=\u00bb#FFFFFF\u00bb text_line_height=\u00bb1.9em\u00bb max_width_tablet=\u00bb300px\u00bb max_width_phone=\u00bb\u00bb max_width_last_edited=\u00bbon|tablet\u00bb locked=\u00bboff\u00bb global_colors_info=\u00bb{}\u00bb]<\/p>\n<p class=\"intro1\">dantzaz<\/p>\n<p class=\"intro2\">dantza + Z<\/p>\n<p class=\"intro3\">Nuestro ser: la danza<\/p>\n<p class=\"intro4\">\u00abLa \u201cZ\u00bb expresa nuestra manera de hacer. En euskara, la declinaci\u00f3n instrumental se designa con la letra \u201cZ\u201d, que cierra el final de una palabra haciendo referencia al modo de hacer, a c\u00f3mo hacer&#8230; La danza es nuestro ser y nuestra forma de hacer. Bailamos bailando y haciendo bailar. No, no es una redundancia, es una realidad\u00bb.<\/p>\n<p class=\"intro5\">Adriana Pous, directora art\u00edstica<\/p>\n<p>[\/et_pb_text][\/et_pb_column][et_pb_column type=\u00bb1_2&#8243; module_class=\u00bbzeta-img\u00bb _builder_version=\u00bb4.17.4&#8243; custom_padding=\u00bb|||\u00bb global_colors_info=\u00bb{}\u00bb custom_padding__hover=\u00bb|||\u00bb][et_pb_image src=\u00bbhttps:\/\/dantzaz.eus\/wp-content\/uploads\/2022\/06\/Z.png\u00bb title_text=\u00bbZ\u00bb align_tablet=\u00bbcenter\u00bb align_phone=\u00bb\u00bb align_last_edited=\u00bbon|desktop\u00bb _builder_version=\u00bb4.21.0&#8243; width_tablet=\u00bb210px\u00bb width_last_edited=\u00bboff|tablet\u00bb max_width=\u00bb49%\u00bb module_alignment=\u00bbcenter\u00bb custom_margin=\u00bb-25px||||false|false\u00bb custom_margin_tablet=\u00bb95px||||false|false\u00bb custom_margin_phone=\u00bb\u00bb custom_margin_last_edited=\u00bbon|tablet\u00bb custom_padding=\u00bb|||\u00bb animation_style=\u00bbzoom\u00bb animation_direction=\u00bbleft\u00bb animation_delay=\u00bb100ms\u00bb animation_intensity_zoom=\u00bb20%\u00bb global_colors_info=\u00bb{}\u00bb][\/et_pb_image][\/et_pb_column][\/et_pb_row][\/et_pb_section][et_pb_section fb_built=\u00bb1&#8243; _builder_version=\u00bb4.16&#8243; _module_preset=\u00bbdefault\u00bb background_color=\u00bb#1e1e1e\u00bb custom_margin_tablet=\u00bb\u00bb custom_margin_phone=\u00bb\u00bb custom_margin_last_edited=\u00bbon|tablet\u00bb custom_padding=\u00bb45px||45px||false|false\u00bb saved_tabs=\u00bball\u00bb global_colors_info=\u00bb{}\u00bb][et_pb_row column_structure=\u00bb2_5,3_5&#8243; module_class=\u00bbpresentacion\u00bb _builder_version=\u00bb4.17.4&#8243; _module_preset=\u00bbdefault\u00bb min_height=\u00bb270px\u00bb custom_margin=\u00bb0px||0px||false|false\u00bb custom_padding=\u00bb20px||5px||false|false\u00bb global_colors_info=\u00bb{}\u00bb][et_pb_column type=\u00bb2_5&#8243; module_class=\u00bbbloque1&#8243; _builder_version=\u00bb4.17.4&#8243; _module_preset=\u00bbdefault\u00bb background_enable_image=\u00bboff\u00bb background_size=\u00bbcontain\u00bb global_colors_info=\u00bb{}\u00bb][et_pb_text admin_label=\u00bbTexto\u00bb _builder_version=\u00bb4.21.0&#8243; _module_preset=\u00bbdefault\u00bb global_colors_info=\u00bb{}\u00bb]<\/p>\n<h1>Dantzaz fomenta el empleo y la profesionalizaci\u00f3n en el sector de la danza, a la vez que promociona la creaci\u00f3n y la investigaci\u00f3n dando oportunidades a int\u00e9rpretes y core\u00f3grafos\/as de todo el mundo.<\/h1>\n<p>[\/et_pb_text][\/et_pb_column][et_pb_column type=\u00bb3_5&#8243; module_class=\u00bbbloque2&#8243; _builder_version=\u00bb4.17.4&#8243; _module_preset=\u00bbdefault\u00bb global_colors_info=\u00bb{}\u00bb][et_pb_text _builder_version=\u00bb4.21.0&#8243; _module_preset=\u00bbdefault\u00bb text_text_color=\u00bb#FFFFFF\u00bb custom_margin_tablet=\u00bb20px||8px||false|false\u00bb custom_margin_phone=\u00bb\u00bb custom_margin_last_edited=\u00bbon|tablet\u00bb global_colors_info=\u00bb{}\u00bb]<\/p>\n<p>Ofrece residencias art\u00edsticas y diferentes modalidades de contratos y becas, y apoya proyectos de mediaci\u00f3n e innovaci\u00f3n para la creaci\u00f3n de nuevos p\u00fablicos.<\/p>\n<p>Dantzaz es, asimismo, un centro emplazado en las instalaciones de Gipuzkoako Dantzagunea donde la acci\u00f3n, la mediaci\u00f3n, el encuentro con la comunidad y el acompa\u00f1amiento de los procesos art\u00edsticos se dan la mano. Forma parte de importantes redes de cooperaci\u00f3n internacional y lidera diversos proyectos en la Eurorregi\u00f3n Euskadi-Navarra-Nueva Aquitania gracias al apoyo que le brindan la Diputaci\u00f3n de Gipuzkoa, Gobierno Vasco y el Instituto Nacional de las Artes Esc\u00e9nicas y la M\u00fasica-INAEM. Durante sus m\u00e1s de dos d\u00e9cadas de historia, ha firmado m\u00e1s de medio centenar de producciones y mantiene proyectos de cooperaci\u00f3n e intercambio art\u00edstico con instituciones de Europa y Am\u00e9rica.<\/p>\n<p>[\/et_pb_text][\/et_pb_column][\/et_pb_row][\/et_pb_section][et_pb_section fb_built=\u00bb1&#8243; module_class=\u00bbproyectos\u00bb _builder_version=\u00bb4.27.4&#8243; _module_preset=\u00bbdefault\u00bb background_color=\u00bb#EDEDED\u00bb max_width_tablet=\u00bb767px\u00bb max_width_phone=\u00bb\u00bb max_width_last_edited=\u00bbon|tablet\u00bb custom_margin_tablet=\u00bb|auto||auto|false|false\u00bb custom_margin_phone=\u00bb\u00bb custom_margin_last_edited=\u00bbon|tablet\u00bb global_colors_info=\u00bb{}\u00bb][et_pb_row _builder_version=\u00bb4.17.4&#8243; _module_preset=\u00bbdefault\u00bb custom_margin=\u00bb0px||0px||false|false\u00bb custom_padding=\u00bb0px||0px||false|false\u00bb collapsed=\u00bboff\u00bb global_colors_info=\u00bb{}\u00bb][et_pb_column type=\u00bb4_4&#8243; _builder_version=\u00bb4.16&#8243; _module_preset=\u00bbdefault\u00bb global_colors_info=\u00bb{}\u00bb][et_pb_text admin_label=\u00bbultimas noticias\u00bb _builder_version=\u00bb4.27.4&#8243; _module_preset=\u00bbdefault\u00bb text_orientation=\u00bbcenter\u00bb global_colors_info=\u00bb{}\u00bb]<\/p>\n<p><span class=\"dantzaz gris\">Esto es dantzaz<\/span><\/p>\n<h2>\u00daltimas noticias<\/h2>\n<p>[\/et_pb_text][\/et_pb_column][\/et_pb_row][et_pb_row admin_label=\u00bbproyectos\u00bb _builder_version=\u00bb4.17.4&#8243; custom_padding=\u00bb|0px||0px|false|false\u00bb collapsed=\u00bboff\u00bb global_colors_info=\u00bb{}\u00bb][et_pb_column type=\u00bb4_4&#8243; module_class=\u00bbimagen\u00bb _builder_version=\u00bb4.17.4&#8243; custom_padding=\u00bb|||\u00bb global_colors_info=\u00bb{}\u00bb custom_padding__hover=\u00bb|||\u00bb][et_pb_post_slider posts_number=\u00bb4&#8243; include_categories=\u00bbcurrent\u00bb more_text=\u00bbLeer m\u00e1s&#8230;\u00bb use_manual_excerpt=\u00bboff\u00bb use_text_overlay=\u00bboff\u00bb admin_label=\u00bbCarrusel noticias\u00bb _builder_version=\u00bb4.27.4&#8243; _module_preset=\u00bbdefault\u00bb header_font=\u00bb|800|||||||\u00bb module_alignment=\u00bbcenter\u00bb content_width=\u00bb100%\u00bb custom_margin=\u00bb||||false|false\u00bb custom_padding=\u00bb10%||10%||false|false\u00bb header_text_shadow_style=\u00bbpreset1&#8243; body_text_shadow_style=\u00bbpreset1&#8243; body_text_shadow_blur_strength=\u00bb0.28em\u00bb body_text_shadow_color=\u00bb#000000&#8243; border_radii=\u00bbon|15px|15px|15px|15px\u00bb border_radii_image=\u00bbon|5px|5px|5px|5px\u00bb box_shadow_style=\u00bbpreset1&#8243; box_shadow_blur=\u00bb3px\u00bb text_shadow_style=\u00bbpreset3&#8243; text_shadow_blur_strength=\u00bb1.85em\u00bb text_shadow_color=\u00bb#000000&#8243; global_module=\u00bb4131&#8243; saved_tabs=\u00bball\u00bb global_colors_info=\u00bb{}\u00bb][\/et_pb_post_slider][\/et_pb_column][\/et_pb_row][\/et_pb_section]<\/p>\n","protected":false},"excerpt":{"rendered":"<p>dantzaz dantza + Z Nuestro ser: la danza \u00abLa \u201cZ\u00bb expresa nuestra manera de hacer. En euskara, la declinaci\u00f3n instrumental se designa con la letra \u201cZ\u201d, que cierra el final de una palabra haciendo referencia al modo de hacer, a c\u00f3mo hacer&#8230; La danza es nuestro ser y nuestra forma de hacer. Bailamos bailando y [&hellip;]<\/p>\n","protected":false},"author":1,"featured_media":0,"parent":0,"menu_order":0,"comment_status":"closed","ping_status":"closed","template":"","meta":{"_acf_changed":false,"_et_pb_use_builder":"on","_et_pb_old_content":"","_et_gb_content_width":"","content-type":"","footnotes":""},"class_list":["post-16","page","type-page","status-publish","hentry"],"acf":[],"yoast_head":"<!-- This site is optimized with the Yoast SEO plugin v27.4 - https:\/\/yoast.com\/product\/yoast-seo-wordpress\/ -->\n<title>Esto es dantzaz - Dantzaz<\/title>\n<meta name=\"robots\" content=\"index, follow, max-snippet:-1, max-image-preview:large, max-video-preview:-1\" \/>\n<link rel=\"canonical\" href=\"https:\/\/dantzaz.eus\/\" \/>\n<meta property=\"og:locale\" content=\"es_ES\" \/>\n<meta property=\"og:type\" content=\"article\" \/>\n<meta property=\"og:title\" content=\"Esto es dantzaz - Dantzaz\" \/>\n<meta property=\"og:description\" content=\"dantzaz dantza + Z Nuestro ser: la danza \u00abLa \u201cZ&quot; expresa nuestra manera de hacer. En euskara, la declinaci\u00f3n instrumental se designa con la letra \u201cZ\u201d, que cierra el final de una palabra haciendo referencia al modo de hacer, a c\u00f3mo hacer... La danza es nuestro ser y nuestra forma de hacer. Bailamos bailando y [&hellip;]\" \/>\n<meta property=\"og:url\" content=\"https:\/\/dantzaz.eus\/\" \/>\n<meta property=\"og:site_name\" content=\"Dantzaz\" \/>\n<meta property=\"article:publisher\" content=\"https:\/\/www.facebook.com\/Dantzaz\" \/>\n<meta property=\"article:modified_time\" content=\"2026-03-05T10:40:15+00:00\" \/>\n<meta name=\"twitter:card\" content=\"summary_large_image\" \/>\n<meta name=\"twitter:label1\" content=\"Tiempo de lectura\" \/>\n\t<meta name=\"twitter:data1\" content=\"5 minutos\" \/>\n<script type=\"application\/ld+json\" class=\"yoast-schema-graph\">{\"@context\":\"https:\\\/\\\/schema.org\",\"@graph\":[{\"@type\":\"WebPage\",\"@id\":\"https:\\\/\\\/dantzaz.eus\\\/\",\"url\":\"https:\\\/\\\/dantzaz.eus\\\/\",\"name\":\"Esto es dantzaz - Dantzaz\",\"isPartOf\":{\"@id\":\"https:\\\/\\\/dantzaz.eus\\\/#website\"},\"datePublished\":\"2021-01-20T08:44:53+00:00\",\"dateModified\":\"2026-03-05T10:40:15+00:00\",\"breadcrumb\":{\"@id\":\"https:\\\/\\\/dantzaz.eus\\\/#breadcrumb\"},\"inLanguage\":\"es\",\"potentialAction\":[{\"@type\":\"ReadAction\",\"target\":[\"https:\\\/\\\/dantzaz.eus\\\/\"]}]},{\"@type\":\"BreadcrumbList\",\"@id\":\"https:\\\/\\\/dantzaz.eus\\\/#breadcrumb\",\"itemListElement\":[{\"@type\":\"ListItem\",\"position\":1,\"name\":\"Home\",\"item\":\"https:\\\/\\\/dantzaz.eus\\\/\"},{\"@type\":\"ListItem\",\"position\":2,\"name\":\"Esto es dantzaz\"}]},{\"@type\":\"WebSite\",\"@id\":\"https:\\\/\\\/dantzaz.eus\\\/#website\",\"url\":\"https:\\\/\\\/dantzaz.eus\\\/\",\"name\":\"Dantzaz\",\"description\":\"Dantzaz\",\"publisher\":{\"@id\":\"https:\\\/\\\/dantzaz.eus\\\/#organization\"},\"potentialAction\":[{\"@type\":\"SearchAction\",\"target\":{\"@type\":\"EntryPoint\",\"urlTemplate\":\"https:\\\/\\\/dantzaz.eus\\\/?s={search_term_string}\"},\"query-input\":{\"@type\":\"PropertyValueSpecification\",\"valueRequired\":true,\"valueName\":\"search_term_string\"}}],\"inLanguage\":\"es\"},{\"@type\":\"Organization\",\"@id\":\"https:\\\/\\\/dantzaz.eus\\\/#organization\",\"name\":\"Dantzaz\",\"url\":\"https:\\\/\\\/dantzaz.eus\\\/\",\"logo\":{\"@type\":\"ImageObject\",\"inLanguage\":\"es\",\"@id\":\"https:\\\/\\\/dantzaz.eus\\\/#\\\/schema\\\/logo\\\/image\\\/\",\"url\":\"https:\\\/\\\/dantzaz.eus\\\/wp-content\\\/uploads\\\/2021\\\/01\\\/logo-footer-1.jpg\",\"contentUrl\":\"https:\\\/\\\/dantzaz.eus\\\/wp-content\\\/uploads\\\/2021\\\/01\\\/logo-footer-1.jpg\",\"width\":255,\"height\":57,\"caption\":\"Dantzaz\"},\"image\":{\"@id\":\"https:\\\/\\\/dantzaz.eus\\\/#\\\/schema\\\/logo\\\/image\\\/\"},\"sameAs\":[\"https:\\\/\\\/www.facebook.com\\\/Dantzaz\",\"https:\\\/\\\/www.instagram.com\\\/dantzaz\",\"https:\\\/\\\/www.linkedin.com\\\/company\\\/dantzaz\"]}]}<\/script>\n<!-- \/ Yoast SEO plugin. -->","yoast_head_json":{"title":"Esto es dantzaz - Dantzaz","robots":{"index":"index","follow":"follow","max-snippet":"max-snippet:-1","max-image-preview":"max-image-preview:large","max-video-preview":"max-video-preview:-1"},"canonical":"https:\/\/dantzaz.eus\/","og_locale":"es_ES","og_type":"article","og_title":"Esto es dantzaz - Dantzaz","og_description":"dantzaz dantza + Z Nuestro ser: la danza \u00abLa \u201cZ\" expresa nuestra manera de hacer. En euskara, la declinaci\u00f3n instrumental se designa con la letra \u201cZ\u201d, que cierra el final de una palabra haciendo referencia al modo de hacer, a c\u00f3mo hacer... La danza es nuestro ser y nuestra forma de hacer. Bailamos bailando y [&hellip;]","og_url":"https:\/\/dantzaz.eus\/","og_site_name":"Dantzaz","article_publisher":"https:\/\/www.facebook.com\/Dantzaz","article_modified_time":"2026-03-05T10:40:15+00:00","twitter_card":"summary_large_image","twitter_misc":{"Tiempo de lectura":"5 minutos"},"schema":{"@context":"https:\/\/schema.org","@graph":[{"@type":"WebPage","@id":"https:\/\/dantzaz.eus\/","url":"https:\/\/dantzaz.eus\/","name":"Esto es dantzaz - Dantzaz","isPartOf":{"@id":"https:\/\/dantzaz.eus\/#website"},"datePublished":"2021-01-20T08:44:53+00:00","dateModified":"2026-03-05T10:40:15+00:00","breadcrumb":{"@id":"https:\/\/dantzaz.eus\/#breadcrumb"},"inLanguage":"es","potentialAction":[{"@type":"ReadAction","target":["https:\/\/dantzaz.eus\/"]}]},{"@type":"BreadcrumbList","@id":"https:\/\/dantzaz.eus\/#breadcrumb","itemListElement":[{"@type":"ListItem","position":1,"name":"Home","item":"https:\/\/dantzaz.eus\/"},{"@type":"ListItem","position":2,"name":"Esto es dantzaz"}]},{"@type":"WebSite","@id":"https:\/\/dantzaz.eus\/#website","url":"https:\/\/dantzaz.eus\/","name":"Dantzaz","description":"Dantzaz","publisher":{"@id":"https:\/\/dantzaz.eus\/#organization"},"potentialAction":[{"@type":"SearchAction","target":{"@type":"EntryPoint","urlTemplate":"https:\/\/dantzaz.eus\/?s={search_term_string}"},"query-input":{"@type":"PropertyValueSpecification","valueRequired":true,"valueName":"search_term_string"}}],"inLanguage":"es"},{"@type":"Organization","@id":"https:\/\/dantzaz.eus\/#organization","name":"Dantzaz","url":"https:\/\/dantzaz.eus\/","logo":{"@type":"ImageObject","inLanguage":"es","@id":"https:\/\/dantzaz.eus\/#\/schema\/logo\/image\/","url":"https:\/\/dantzaz.eus\/wp-content\/uploads\/2021\/01\/logo-footer-1.jpg","contentUrl":"https:\/\/dantzaz.eus\/wp-content\/uploads\/2021\/01\/logo-footer-1.jpg","width":255,"height":57,"caption":"Dantzaz"},"image":{"@id":"https:\/\/dantzaz.eus\/#\/schema\/logo\/image\/"},"sameAs":["https:\/\/www.facebook.com\/Dantzaz","https:\/\/www.instagram.com\/dantzaz","https:\/\/www.linkedin.com\/company\/dantzaz"]}]}},"_links":{"self":[{"href":"https:\/\/dantzaz.eus\/es\/wp-json\/wp\/v2\/pages\/16","targetHints":{"allow":["GET"]}}],"collection":[{"href":"https:\/\/dantzaz.eus\/es\/wp-json\/wp\/v2\/pages"}],"about":[{"href":"https:\/\/dantzaz.eus\/es\/wp-json\/wp\/v2\/types\/page"}],"author":[{"embeddable":true,"href":"https:\/\/dantzaz.eus\/es\/wp-json\/wp\/v2\/users\/1"}],"replies":[{"embeddable":true,"href":"https:\/\/dantzaz.eus\/es\/wp-json\/wp\/v2\/comments?post=16"}],"version-history":[{"count":83,"href":"https:\/\/dantzaz.eus\/es\/wp-json\/wp\/v2\/pages\/16\/revisions"}],"predecessor-version":[{"id":5738,"href":"https:\/\/dantzaz.eus\/es\/wp-json\/wp\/v2\/pages\/16\/revisions\/5738"}],"wp:attachment":[{"href":"https:\/\/dantzaz.eus\/es\/wp-json\/wp\/v2\/media?parent=16"}],"curies":[{"name":"wp","href":"https:\/\/api.w.org\/{rel}","templated":true}]}}